{"version":"1.0","provider_name":"PUCP | RIDEI","provider_url":"https:\/\/red.pucp.edu.pe\/ridei","author_name":"cgiusti","author_url":"https:\/\/red.pucp.edu.pe\/ridei\/author\/cgiusti\/","title":"Per\u00fa tendr\u00e1 al menos 500 int\u00e9rpretes de lenguas ind\u00edgenas capacitados al 2020 - PUCP | RIDEI","type":"rich","width":600,"height":338,"html":"<blockquote class=\"wp-embedded-content\" data-secret=\"ndpJPBFEzf\"><a href=\"https:\/\/red.pucp.edu.pe\/ridei\/noticias\/peru-tendra-al-menos-500-interpretes-de-lenguas-indigenas-capacitados-al-2020\/\">Per\u00fa tendr\u00e1 al menos 500 int\u00e9rpretes de lenguas ind\u00edgenas capacitados al 2020<\/a><\/blockquote><iframe sandbox=\"allow-scripts\" security=\"restricted\" src=\"https:\/\/red.pucp.edu.pe\/ridei\/noticias\/peru-tendra-al-menos-500-interpretes-de-lenguas-indigenas-capacitados-al-2020\/embed\/#?secret=ndpJPBFEzf\" width=\"600\" height=\"338\" title=\"\u00abPer\u00fa tendr\u00e1 al menos 500 int\u00e9rpretes de lenguas ind\u00edgenas capacitados al 2020\u00bb \u2014 PUCP | RIDEI\" data-secret=\"ndpJPBFEzf\" frameborder=\"0\" marginwidth=\"0\" marginheight=\"0\" scrolling=\"no\" class=\"wp-embedded-content\"><\/iframe><script type=\"text\/javascript\">\n\/* <![CDATA[ *\/\n\/*! This file is auto-generated *\/\n!function(d,l){\"use strict\";l.querySelector&&d.addEventListener&&\"undefined\"!=typeof URL&&(d.wp=d.wp||{},d.wp.receiveEmbedMessage||(d.wp.receiveEmbedMessage=function(e){var t=e.data;if((t||t.secret||t.message||t.value)&&!\/[^a-zA-Z0-9]\/.test(t.secret)){for(var s,r,n,a=l.querySelectorAll('iframe[data-secret=\"'+t.secret+'\"]'),o=l.querySelectorAll('blockquote[data-secret=\"'+t.secret+'\"]'),c=new RegExp(\"^https?:$\",\"i\"),i=0;i<o.length;i++)o[i].style.display=\"none\";for(i=0;i<a.length;i++)s=a[i],e.source===s.contentWindow&&(s.removeAttribute(\"style\"),\"height\"===t.message?(1e3<(r=parseInt(t.value,10))?r=1e3:~~r<200&&(r=200),s.height=r):\"link\"===t.message&&(r=new URL(s.getAttribute(\"src\")),n=new URL(t.value),c.test(n.protocol))&&n.host===r.host&&l.activeElement===s&&(d.top.location.href=t.value))}},d.addEventListener(\"message\",d.wp.receiveEmbedMessage,!1),l.addEventListener(\"DOMContentLoaded\",function(){for(var e,t,s=l.querySelectorAll(\"iframe.wp-embedded-content\"),r=0;r<s.length;r++)(t=(e=s[r]).getAttribute(\"data-secret\"))||(t=Math.random().toString(36).substring(2,12),e.src+=\"#?secret=\"+t,e.setAttribute(\"data-secret\",t)),e.contentWindow.postMessage({message:\"ready\",secret:t},\"*\")},!1)))}(window,document);\n\/* ]]> *\/\n<\/script>\n","description":"Derechos. M\u00e1s instituciones estatales contar\u00e1n con m\u00e1s personal que se comunique de manera oral y escrita en lenguas originarias. A fin de convertirse en un\u00a0Estado intercultural, el Per\u00fa contar\u00e1, al 2020, con m\u00e1s de medio millar de int\u00e9rpretes y traductores de lenguas ind\u00edgenas capacitados, inform\u00f3 este lunes el\u00a0Ministerio de Cultura. La medida permitir\u00e1 que las instituciones puedan contar con m\u00e1s personal que se comunique de manera oral y escrita en lenguas originarias. Ello contribuir\u00e1 a garantizar los derechos ling\u00fc\u00edsticos\u00a0de los usuarios. Esto fue anunciado por la\u00a0viceministra de Interculturalidad, Angela Acevedo, tras la clausura de la decimotercera edici\u00f3n del\u00a0Curso de Int\u00e9rpretes y Traductores de Lenguas en la ciudad del Cusco. La funcionaria estim\u00f3 que se capacitar\u00e1 a int\u00e9rpretes de 40 de las 48\u00a0lenguas ind\u00edgenas\u00a0que existen en Per\u00fa hacia el 2020. \u201cEl Ministerio de Cultura ha realizado 13 cursos de formaci\u00f3n de traductores e int\u00e9rpretes, cuatro cursos de especializaci\u00f3n y un\u00a0Encuentro Nacional [&hellip;]","thumbnail_url":"https:\/\/larepublica.pe\/resizer\/ygd98LcVzeSzOdwzp-8JzNzMR_4=\/646x380\/top\/smart\/arc-anglerfish-arc2-prod-gruporepublica.s3.amazonaws.com\/public\/JDRVU6IS6BGFVAZ6O4CVNCSOJU.png"}