{"version":"1.0","provider_name":"PUCP | RIDEI","provider_url":"https:\/\/red.pucp.edu.pe\/ridei","author_name":"cgiusti","author_url":"https:\/\/red.pucp.edu.pe\/ridei\/author\/cgiusti\/","title":"Curso virtual: Mediaci\u00f3n intercultural y accesibiliad de los servicios sanitarios - PUCP | RIDEI","type":"rich","width":600,"height":338,"html":"<blockquote class=\"wp-embedded-content\" data-secret=\"mMUaWOpFNV\"><a href=\"https:\/\/red.pucp.edu.pe\/ridei\/noticias\/curso-virtual-mediacion-intercultural-y-accesibiliad-de-los-servicios-sanitarios\/\">Curso virtual: Mediaci\u00f3n intercultural y accesibiliad de los servicios sanitarios<\/a><\/blockquote><iframe sandbox=\"allow-scripts\" security=\"restricted\" src=\"https:\/\/red.pucp.edu.pe\/ridei\/noticias\/curso-virtual-mediacion-intercultural-y-accesibiliad-de-los-servicios-sanitarios\/embed\/#?secret=mMUaWOpFNV\" width=\"600\" height=\"338\" title=\"\u00abCurso virtual: Mediaci\u00f3n intercultural y accesibiliad de los servicios sanitarios\u00bb \u2014 PUCP | RIDEI\" data-secret=\"mMUaWOpFNV\" frameborder=\"0\" marginwidth=\"0\" marginheight=\"0\" scrolling=\"no\" class=\"wp-embedded-content\"><\/iframe><script type=\"text\/javascript\">\n\/* <![CDATA[ *\/\n\/*! This file is auto-generated *\/\n!function(d,l){\"use strict\";l.querySelector&&d.addEventListener&&\"undefined\"!=typeof URL&&(d.wp=d.wp||{},d.wp.receiveEmbedMessage||(d.wp.receiveEmbedMessage=function(e){var t=e.data;if((t||t.secret||t.message||t.value)&&!\/[^a-zA-Z0-9]\/.test(t.secret)){for(var s,r,n,a=l.querySelectorAll('iframe[data-secret=\"'+t.secret+'\"]'),o=l.querySelectorAll('blockquote[data-secret=\"'+t.secret+'\"]'),c=new RegExp(\"^https?:$\",\"i\"),i=0;i<o.length;i++)o[i].style.display=\"none\";for(i=0;i<a.length;i++)s=a[i],e.source===s.contentWindow&&(s.removeAttribute(\"style\"),\"height\"===t.message?(1e3<(r=parseInt(t.value,10))?r=1e3:~~r<200&&(r=200),s.height=r):\"link\"===t.message&&(r=new URL(s.getAttribute(\"src\")),n=new URL(t.value),c.test(n.protocol))&&n.host===r.host&&l.activeElement===s&&(d.top.location.href=t.value))}},d.addEventListener(\"message\",d.wp.receiveEmbedMessage,!1),l.addEventListener(\"DOMContentLoaded\",function(){for(var e,t,s=l.querySelectorAll(\"iframe.wp-embedded-content\"),r=0;r<s.length;r++)(t=(e=s[r]).getAttribute(\"data-secret\"))||(t=Math.random().toString(36).substring(2,12),e.src+=\"#?secret=\"+t,e.setAttribute(\"data-secret\",t)),e.contentWindow.postMessage({message:\"ready\",secret:t},\"*\")},!1)))}(window,document);\n\/* ]]> *\/\n<\/script>\n","description":"&nbsp; Durante 04 fechas, la Dra. Franca Zadra comparti\u00f3 sus conocimientos\u00a0sobre la diversidad cultural y la accesibilidad de los servicios de salud, nociones b\u00e1sicas sobre el desarrollo de las competencias necesarias para una comunicaci\u00f3n intercultural eficaz, as\u00ed como el perfil profesional de los mediadores interculturales, y las m\u00faltiples \u00e1reas de los servicios de salud en las cuales ellos podr\u00edan insertarse. FRANCA ZADRA: Licenciada en Filosof\u00eda en la Pontificia Universidad Cat\u00f3lica del Per\u00fa, Laurea Magistrale en Filosof\u00eda y Lenguajes de la Modernidad en la Universit\u00e0 degli Studi di Trento (Italia) y PhD. en pedagog\u00eda social en la Freie Universit\u00e4t Bozen (Italia), con una tesis sobre la innovaci\u00f3n social de los servicios sanitarios para un mejor acceso de los pacientes inmigrados. Visiting scholar en la Universidad de Gent (B\u00e8lgica), en la Universidad de Bielefeld (Alemania) y por tres meses guest researcher en el Max Planck Institute for Social Law and Social Policy [&hellip;]","thumbnail_url":"https:\/\/red.pucp.edu.pe\/ridei\/files\/2023\/04\/4a8acd81-8da8-e661-14ed-cba3a3401795-690x387.jpg"}